{"id":2,"date":"2023-06-21T23:17:26","date_gmt":"2023-06-21T23:17:26","guid":{"rendered":"https:\/\/fmexpress.net\/?page_id=2"},"modified":"2026-04-30T11:55:00","modified_gmt":"2026-04-30T14:55:00","slug":"sample-page","status":"publish","type":"page","link":"https:\/\/fmexpress.net\/index.php\/sample-page\/","title":{"rendered":"NOTICIAS"},"content":{"rendered":"<div class=\"xdj266r x14z9mp xat24cr x1lziwak x1vvkbs x126k92a\">\n<div dir=\"auto\">\n<div class=\"td-post-header\">\n<header class=\"td-post-title\">\n<div class=\"td-post-header\">\n<header class=\"td-post-title\">\n<h1 class=\"entry-title\" style=\"text-align: center;\"><em><strong><span style=\"color: #000000;\">Este s\u00e1bado, Feria de Emprendedores y Artesanos y m\u00fasica en vivo<\/span><\/strong><\/em><\/h1>\n<\/header>\n<\/div>\n<div class=\"td-post-content tagdiv-type\" style=\"text-align: center;\">\n<div class=\"td-post-featured-image\"><em><strong><span style=\"color: #000000;\"><a class=\"td-modal-image\" style=\"color: #000000;\" href=\"https:\/\/periodismobasavilbaso.com\/wp-content\/uploads\/2026\/04\/686943736_18051267764724361_5899566043113014209_n.jpeg\" data-caption=\"\"><img loading=\"lazy\" decoding=\"async\" class=\"entry-thumb td-animation-stack-type0-2\" title=\"686943736_18051267764724361_5899566043113014209_n\" src=\"https:\/\/periodismobasavilbaso.com\/wp-content\/uploads\/2026\/04\/686943736_18051267764724361_5899566043113014209_n-696x696.jpeg\" sizes=\"auto, (max-width: 696px) 100vw, 696px\" srcset=\"https:\/\/periodismobasavilbaso.com\/wp-content\/uploads\/2026\/04\/686943736_18051267764724361_5899566043113014209_n-696x696.jpeg 696w, https:\/\/periodismobasavilbaso.com\/wp-content\/uploads\/2026\/04\/686943736_18051267764724361_5899566043113014209_n-300x300.jpeg 300w, https:\/\/periodismobasavilbaso.com\/wp-content\/uploads\/2026\/04\/686943736_18051267764724361_5899566043113014209_n-1024x1024.jpeg 1024w, https:\/\/periodismobasavilbaso.com\/wp-content\/uploads\/2026\/04\/686943736_18051267764724361_5899566043113014209_n-150x150.jpeg 150w, https:\/\/periodismobasavilbaso.com\/wp-content\/uploads\/2026\/04\/686943736_18051267764724361_5899566043113014209_n-768x768.jpeg 768w, https:\/\/periodismobasavilbaso.com\/wp-content\/uploads\/2026\/04\/686943736_18051267764724361_5899566043113014209_n-1068x1068.jpeg 1068w, https:\/\/periodismobasavilbaso.com\/wp-content\/uploads\/2026\/04\/686943736_18051267764724361_5899566043113014209_n.jpeg 1440w\" alt=\"\" width=\"696\" height=\"696\" \/><\/a><\/span><\/strong><\/em><button class=\"ssb_fbshare-icon\" aria-label=\"Facebook Share\" data-href=\"https:\/\/www.facebook.com\/sharer\/sharer.php?u=https:\/\/periodismobasavilbaso.com\/este-sabado-feria-de-emprendedores-y-artesanos-y-musica-en-vivo\/\"><\/button><\/div>\n<section class=\"text-token-text-primary w-full focus:outline-none [--shadow-height:45px] has-data-writing-block:pointer-events-none has-data-writing-block:-mt-(--shadow-height) has-data-writing-block:pt-(--shadow-height) [&amp;:has([data-writing-block])&gt;*]:pointer-events-auto [content-visibility:auto] supports-[content-visibility:auto]:[contain-intrinsic-size:auto_100lvh] R6Vx5W_threadScrollVars scroll-mb-[calc(var(--scroll-root-safe-area-inset-bottom,0px)+var(--thread-response-height))] scroll-mt-[calc(var(--header-height)+min(200px,max(70px,20svh)))]\" dir=\"auto\" data-turn-id=\"request-WEB:839b46bf-c1b4-40b0-895b-75c579ae82ec-2\" data-testid=\"conversation-turn-6\" data-scroll-anchor=\"false\" data-turn=\"assistant\">\n<div class=\"text-base my-auto mx-auto pb-10 [--thread-content-margin:var(--thread-content-margin-xs,calc(var(--spacing)*4))] @w-sm\/main:[--thread-content-margin:var(--thread-content-margin-sm,calc(var(--spacing)*6))] @w-lg\/main:[--thread-content-margin:var(--thread-content-margin-lg,calc(var(--spacing)*16))] px-(--thread-content-margin)\">\n<div class=\"[--thread-content-max-width:40rem] @w-lg\/main:[--thread-content-max-width:48rem] mx-auto max-w-(--thread-content-max-width) flex-1 group\/turn-messages focus-visible:outline-hidden relative flex w-full min-w-0 flex-col agent-turn\">\n<div class=\"flex max-w-full flex-col gap-4 grow\">\n<div class=\"min-h-8 text-message relative flex w-full flex-col items-end gap-2 text-start break-words whitespace-normal outline-none keyboard-focused:focus-ring [.text-message+&amp;]:mt-1\" dir=\"auto\" tabindex=\"0\" data-message-author-role=\"assistant\" data-message-id=\"c57793f4-f509-47e0-9cb2-99ebf6eff616\" data-message-model-slug=\"gpt-5-3\" data-turn-start-message=\"true\">\n<div class=\"flex w-full flex-col gap-1 empty:hidden\">\n<div class=\"markdown prose dark:prose-invert w-full wrap-break-word dark markdown-new-styling\">\n<p data-start=\"0\" data-end=\"173\"><em><strong><span style=\"color: #000000;\">Basavilbaso se prepara para una nueva edici\u00f3n de la Feria de Emprendedores y Artesanos, que se realizar\u00e1 este s\u00e1bado 2 de mayo desde las 15 horas en la Centralidad Urbana.<\/span><\/strong><\/em><\/p>\n<p data-start=\"175\" data-end=\"498\"><em><strong><span style=\"color: #000000;\">La propuesta reunir\u00e1 a emprendedores locales, artesanos y productores regionales, ofreciendo una variada gama de productos y opciones gastron\u00f3micas para todos los gustos. Adem\u00e1s, la jornada contar\u00e1 con m\u00fasica en vivo a cargo de\u00a0<span class=\"hover:entity-accent entity-underline inline cursor-pointer align-baseline\"><span class=\"whitespace-normal\">Julio L\u00f3pez<\/span><\/span>\u00a0y su grupo, sumando un atractivo especial al encuentro.<\/span><\/strong><\/em><\/p>\n<p data-start=\"500\" data-end=\"641\" data-is-last-node=\"\" data-is-only-node=\"\"><em><strong><span style=\"color: #000000;\">Se trata de un espacio pensado para promover el trabajo local, fomentar el encuentro comunitario y seguir fortaleciendo la econom\u00eda regional.<\/span><\/strong><\/em><\/p>\n<\/div>\n<\/div>\n<\/div>\n<\/div>\n<\/div>\n<\/div>\n<\/section>\n<\/div>\n<h1 style=\"text-align: center;\"><em><strong><span style=\"color: #000000;\">\u00a0<\/span><\/strong><\/em><\/h1>\n<h1><\/h1>\n<h1><\/h1>\n<h1><img decoding=\"async\" class=\"aligncenter\" src=\"https:\/\/scontent-eze1-2.xx.fbcdn.net\/v\/t39.30808-6\/683808539_1553634409669457_2285396646316473638_n.jpg?stp=dst-jpg_s640x640_tt6&amp;_nc_cat=108&amp;ccb=1-7&amp;_nc_sid=7b2446&amp;_nc_eui2=AeE_gTmHEg361VKAG5rG92Tnr7pDLmC1-oqvukMuYLX6ikIJpRmtVk2sD4Erur13VdEha7UlS6HD80nviJ2iiUEE&amp;_nc_ohc=TshK1PlGZBIQ7kNvwEfE-w9&amp;_nc_oc=Ado2EmQCaKV5YJSwV2n86j9QtqyjUNeXUyAja9rB9fYv8WBPkNyVigKbP1zaN1p71_w&amp;_nc_zt=23&amp;_nc_ht=scontent-eze1-2.xx&amp;_nc_gid=moqMFJFkpYTvgIiib7TrJw&amp;_nc_ss=7b2a8&amp;oh=00_Af2wYslqOkjFj0OxQ5ZOUMX-6SvfP3qmCqoTVUQdXORjuw&amp;oe=69F94707\" alt=\"Puede ser una imagen de texto que dice &quot;\u6642 RESIDUOS RECOLECCI\u00d3N DE SePaR\u00e1 Se Pa R\u00e1 VIERNES 01\/05 NO HABR\u00c1 RECOLECCI\u00d3N DE RESIDUOS S\u00c1BADO 02\/05 RECOLECCI\u00d3N NORMAL EST\u00c1PROHIBIDO ARROJAR Y ACUMULAR RESIDUOS DE CUALQUIER TIPO (domiciliarios, hojas, pasto, ramas, voluminosos, etc.) n \u03bd\u03af\u03b1 p\u00fablica, espacios publicos, plazoletas, terrenos baldios que no son propiedad. Los mismos deben poner bolsas COLOCARLOS EN EL CANASTO (alg\u00fan recipiente FRENTE SU para retirado por |servicio municipal recolecci\u00f3n que corresponda. Adem\u00e1s, est\u00e1 PROHIBIDA la quema de estos residuos. Evite multas Art\u00edculo 37\u00b0 cualquier otro tipo de 112\u00b0 respectivamente. Ordenanza N\u00b0158 Ciudad limpia, responsabilidad de todos Municipi BASAVILBASO&quot;\" \/><\/h1>\n<h1><\/h1>\n<h1><\/h1>\n<h1 style=\"text-align: center;\"><span class=\"html-span xdj266r x14z9mp xat24cr x1lziwak xexx8yu xyri2b x18d9i69 x1c1uobl x1hl2dhg x16tdsg8 x1vvkbs\"><a class=\"x1i10hfl xjbqb8w x1ejq31n x18oe1m7 x1sy0etr xstzfhl x972fbf x10w94by x1qhh985 x14e42zd x9f619 x1ypdohk xt0psk2 x3ct3a4 xdj266r x14z9mp xat24cr x1lziwak xexx8yu xyri2b x18d9i69 x1c1uobl x16tdsg8 x1hl2dhg xggy1nq x1a2a7pz xkrqix3 x1sur9pj x1fey0fg x1s688f\" tabindex=\"0\" role=\"link\" href=\"https:\/\/www.facebook.com\/watch\/hashtag\/basavilbaso\/?__cft__[0]=AZb4EZZbfgkkh1j8c7qLUGuT9-sQgAK1h5oOSEEqKvgNQUAKP1dbc1WcvHSwTezue0ZQ-i8GcjgOK_VtonJ4UNBePRPt1IcGuYSe3rEZGkebSDw2pPM50n4_aPcJbB6mY_wyQvsj9eRJQjvS5ILekZCn9zM6YsvQFvAHGlK4hqNaGQFxmX9k5CqTB2zS3EwuTuSS4lif7RxyL4moIjZZL7WM&amp;__tn__=*NK-R\"><em><strong><span style=\"color: #000000;\">Basavilbaso<\/span><\/strong><\/em><\/a><\/span><em><strong><span style=\"color: #000000;\"> en la ma\u00f1ana de este jueves obreros del Municipio comenzaron a hormigonar la etapa final de calle La Central entre Ramirez y Alem.<\/span><\/strong><\/em><\/h1>\n<h1><\/h1>\n<h1><\/h1>\n<h1><\/h1>\n<h1 style=\"text-align: center;\"><em><strong><span style=\"color: #000000;\">AGMER Basavilbaso advierte que se profundiza el conflicto<\/span><\/strong><\/em><\/h1>\n<p style=\"text-align: center;\"><em><strong><span style=\"color: #000000;\">Pol\u00edtica\u00a0| Ignacio Rondoni cuestion\u00f3 la falta de predisposici\u00f3n del Gobierno provincial, alert\u00f3 sobre el deterioro del poder adquisitivo y expres\u00f3 preocupaci\u00f3n por una eventual reforma previsional que, seg\u00fan sostuvo, no mejorar\u00eda las condiciones del sector.<\/span><\/strong><\/em><\/p>\n<p style=\"text-align: center;\"><em><strong><span style=\"color: #000000;\">El Secretario Adjunto de AGMER Basavilbaso, Ignacio Rondoni, advirti\u00f3 que el conflicto no solo afecta a los docentes, sino tambi\u00e9n al normal desarrollo del ciclo lectivo.\u00a0\u00abNo es lo ideal. Nosotros queremos que las clases comiencen en tiempo y forma, pero vemos que no hay predisposici\u00f3n desde el otro lado\u201d, expres\u00f3.<\/span><\/strong><\/em><\/p>\n<p style=\"text-align: center;\"><em><strong><span style=\"color: #000000;\">El dirigente tambi\u00e9n cuestion\u00f3 lo que defini\u00f3 como\u00a0\u201crelatos\u201d\u00a0que se instalan en la sociedad.\u00a0\u201cDecir que un docente prefiere no trabajar o hacer paro genera un da\u00f1o social que hay que desarmar\u201d, se\u00f1al\u00f3.<\/span><\/strong><\/em><\/p>\n<p style=\"text-align: center;\"><em><strong><span style=\"color: #000000;\">En relaci\u00f3n al aspecto econ\u00f3mico, Rondoni coincidi\u00f3 en que la p\u00e9rdida del poder adquisitivo ronda el 30% y que la quita de componentes salariales como el incentivo docente agrav\u00f3 la situaci\u00f3n.\u00a0\u201cHoy el salario alcanza cada vez para menos y obliga a priorizar, pero no estamos hablando de lujos, sino de necesidades b\u00e1sicas\u201d, remarc\u00f3.<\/span><\/strong><\/em><\/p>\n<p style=\"text-align: center;\"><em><strong><span style=\"color: #000000;\">Adem\u00e1s, consider\u00f3 que, m\u00e1s all\u00e1 del contexto econ\u00f3mico, la responsabilidad de encontrar soluciones recae en el Gobierno provincial.\u00a0\u201cNosotros no somos responsables de c\u00f3mo se administran las cuentas p\u00fablicas. Nuestro planteo es poder vivir dignamente de nuestro trabajo\u201d, afirm\u00f3.<\/span><\/strong><\/em><\/p>\n<p style=\"text-align: center;\"><em><strong><span style=\"color: #000000;\">Otro de los ejes que suma preocupaci\u00f3n es la discusi\u00f3n sobre una eventual reforma previsional. Si bien no hay un proyecto formal, Rondoni confirm\u00f3 que circulan borradores que generan inquietud dentro del sector.\u00a0\u201cNo vemos que esas posibles reformas mejoren nuestras condiciones de vida y, en algunos puntos, las cuestionamos duramente\u201d, explic\u00f3.<\/span><\/strong><\/em><\/p>\n<p style=\"text-align: center;\"><em><strong><span style=\"color: #000000;\">Finalmente, el dirigente puso el foco en la l\u00f3gica con la que se analizan estas iniciativas.\u00a0\u201cNo se puede medir todo en t\u00e9rminos de costo-beneficio. La escuela y el sistema educativo tienen otros par\u00e1metros\u201d, concluy\u00f3.<\/span><\/strong><\/em><\/p>\n<p style=\"text-align: center;\"><em><strong><span style=\"color: #000000;\">En este contexto, desde AGMER Basavilbaso insisten en la necesidad de sostener la unidad interna y avanzar en estrategias que permitan visibilizar el conflicto sin profundizar el impacto econ\u00f3mico sobre los trabajadores, en un escenario donde las respuestas oficiales a\u00fan no llegan.<\/span><\/strong><\/em><\/p>\n<h1 style=\"text-align: center;\"><\/h1>\n<h1><\/h1>\n<h1><\/h1>\n<h1 class=\"entry-title\" style=\"text-align: center;\"><em><strong><span style=\"color: #000000;\">Pron\u00f3stico para el fin de semana largo: posibles lluvias y nuevo descenso de temperaturas<\/span><\/strong><\/em><\/h1>\n<\/header>\n<\/div>\n<div class=\"td-post-content tagdiv-type\" style=\"text-align: center;\">\n<div class=\"td-post-featured-image\"><em><strong><span style=\"color: #000000;\"><a class=\"td-modal-image\" style=\"color: #000000;\" href=\"https:\/\/periodismobasavilbaso.com\/wp-content\/uploads\/2026\/04\/VIERNES-2.png\" data-caption=\"\"><img loading=\"lazy\" decoding=\"async\" class=\"entry-thumb td-animation-stack-type0-2\" title=\"VIERNES\" src=\"https:\/\/periodismobasavilbaso.com\/wp-content\/uploads\/2026\/04\/VIERNES-2-696x464.png\" sizes=\"auto, (max-width: 696px) 100vw, 696px\" srcset=\"https:\/\/periodismobasavilbaso.com\/wp-content\/uploads\/2026\/04\/VIERNES-2-696x464.png 696w, https:\/\/periodismobasavilbaso.com\/wp-content\/uploads\/2026\/04\/VIERNES-2-300x200.png 300w, https:\/\/periodismobasavilbaso.com\/wp-content\/uploads\/2026\/04\/VIERNES-2-1024x683.png 1024w, https:\/\/periodismobasavilbaso.com\/wp-content\/uploads\/2026\/04\/VIERNES-2-768x512.png 768w, https:\/\/periodismobasavilbaso.com\/wp-content\/uploads\/2026\/04\/VIERNES-2-150x100.png 150w, https:\/\/periodismobasavilbaso.com\/wp-content\/uploads\/2026\/04\/VIERNES-2-1068x712.png 1068w, https:\/\/periodismobasavilbaso.com\/wp-content\/uploads\/2026\/04\/VIERNES-2.png 1536w\" alt=\"\" width=\"696\" height=\"464\" \/><\/a><\/span><\/strong><\/em><button class=\"ssb_fbshare-icon\" aria-label=\"Facebook Share\" data-href=\"https:\/\/www.facebook.com\/sharer\/sharer.php?u=https:\/\/periodismobasavilbaso.com\/pronostico-para-el-fin-de-semana-largo-posibles-lluvias-y-nuevo-descenso-de-temperaturas\/\"><\/button><\/div>\n<p data-start=\"0\" data-end=\"364\"><em><strong><span style=\"color: #000000;\">Un frente fr\u00edo avanzar\u00e1 de sur a norte en los pr\u00f3ximos d\u00edas, consolidando el ingreso de una masa de aire m\u00e1s fr\u00edo y seco hacia el fin de semana. El escenario estar\u00e1 marcado por lluvias muy localizadas \u2014con mayor intensidad en la Patagonia y luego en el noreste\u2014 y una marcada escasez de precipitaciones en el centro del pa\u00eds, especialmente en la regi\u00f3n pampeana.<\/span><\/strong><\/em><\/p>\n<p data-start=\"366\" data-end=\"577\"><em><strong><span style=\"color: #000000;\">A partir del s\u00e1bado se producir\u00e1 un descenso t\u00e9rmico generalizado, con m\u00ednimas bajas y presencia de heladas en la Patagonia, mientras que el domingo se perfila como la jornada m\u00e1s fr\u00eda del fin de semana largo.<\/span><\/strong><\/em><\/p>\n<p data-start=\"579\" data-end=\"770\" data-is-last-node=\"\" data-is-only-node=\"\"><em><strong><span style=\"color: #000000;\">En Paran\u00e1, el jueves se mantendr\u00e1 estable, el viernes habr\u00e1 probabilidad de lluvias y tormentas aisladas, y el fin de semana mejorar\u00e1 con condiciones m\u00e1s frescas y cielo mayormente despejado.<\/span><\/strong><\/em><\/p>\n<\/div>\n<h1 style=\"text-align: center;\" align=\"center\"><em><strong><span style=\"color: #000000;\">\u00a0<\/span><\/strong><\/em><\/h1>\n<h1 align=\"center\"><\/h1>\n<h1 align=\"center\"><\/h1>\n<h1 class=\"chakra-heading css-37qn0l\" style=\"text-align: center;\" align=\"center\"><em><strong><span style=\"color: #000000;\">D\u00eda del Animal: \u00bfpor qu\u00e9 se conmemora cada 29 de abril?<\/span><\/strong><\/em><\/h1>\n<h2 class=\"chakra-text descriptionEncabezado css-n7c8ya\" style=\"text-align: center;\"><em><strong><span style=\"color: #000000;\">Cada 29 de abril es el D\u00eda del Animal. Te contamos por qu\u00e9 se conmemora hoy y te damos algunos consejos para integrar una segunda mascota a la familia y que sea una experiencia genial.<\/span><\/strong><\/em><\/h2>\n<p><img decoding=\"async\" src=\"https:\/\/bucket.somosohlala.com.ar\/s3fs-public\/styles\/internal_990\/public\/2025-03\/mascotas_en_el_auto.jpg.webp\" alt=\"Un perro mirando por la ventanilla de un auto.\" \/><\/p>\n<p style=\"text-align: center;\"><em><strong><span style=\"color: #000000;\">Cada 29 de abril se conmemora en Argentina el D\u00eda del Animal en homenaje al fallecimiento de Ignacio Lucas Albarrac\u00edn, un pionero en la lucha por los derechos de los animales.\u00a0Albarrac\u00edn fue abogado, presidente de la Sociedad Protectora de Animales y uno de los principales impulsores de la Ley Nacional de Protecci\u00f3n de Animales, promulgada en 1891, que por primera vez en el pa\u00eds prohibi\u00f3 el maltrato y la crueldad hacia los animales. La fecha busca generar conciencia sobre el respeto, el cuidado y la protecci\u00f3n de todas las especies, destacando la importancia de una convivencia responsable y emp\u00e1tica con el mundo animal.<\/span><\/strong><\/em><\/p>\n<p style=\"text-align: center;\"><em><strong><span style=\"color: #000000;\">Por eso hoy decidimos contarte\u00a0c\u00f3mo pod\u00e9s hacer una buena integraci\u00f3n de diferentes mascotas dentro de una casa.\u00a0No solo por la especializaci\u00f3n de los profesionales de la materia, sino tambi\u00e9n por el inter\u00e9s que genera en una sociedad que se desmorona de amor por los amigos de cuatro patas.<\/span><\/strong><\/em><\/p>\n<\/div>\n<\/div>\n<div class=\"css-0\">\n<div class=\"css-zur42u\">\n<div class=\"css-1jt8xi9\"><\/div>\n<\/div>\n<\/div>\n<div class=\"css-0\">\n<div class=\"text-paragraph css-142n66a\">\n<div class=\"defaultStyles capitalizeLetter css-189ftzv\">\n<p style=\"text-align: center;\"><em><strong><span style=\"color: #000000;\">La Argentina se ubica entre los pa\u00edses con mayor cantidad de animales per c\u00e1pita en el mundo. Se estima que en 8 de cada 10 casas hay al menos un perro o un gato. En t\u00e9rminos absolutos hay que hablar de nueve millones de perros y cuatro millones de gatos en las grandes urbes metropolitanas.<\/span><\/strong><\/em><\/p>\n<\/div>\n<\/div>\n<div class=\"text-paragraph css-142n66a\">\n<div class=\"defaultStyles undefined css-189ftzv\">\n<p style=\"text-align: center;\"><em><strong><span style=\"color: #000000;\">Ese amor infinito que se puede respirar en la comunidad queda en evidencia con el cuidado en la alimentaci\u00f3n. Esto implica responsabilidad, compromiso y la b\u00fasqueda de productos que ofrezcan excelencia en nutrici\u00f3n, m\u00e1s salud y mayor calidad de vida para perros y gatos. Cada vez m\u00e1s, se presta m\u00e1s atenci\u00f3n a los procesos de producci\u00f3n, se valora la calidad y la tecnolog\u00eda como atributos diferenciadores a la hora de escoger entre una marca de alimentos u otra.<\/span><\/strong><\/em><\/p>\n<\/div>\n<\/div>\n<\/div>\n<h1><\/h1>\n<h1><\/h1>\n<h1><\/h1>\n<h1 style=\"text-align: center;\"><em><strong><span style=\"color: #000000;\">Confirmaron fechas de pago para los agentes de la administraci\u00f3n p\u00fablica<\/span><\/strong><\/em><\/h1>\n<p style=\"text-align: center;\"><em><strong><span style=\"color: #000000;\">Cronograma\u00a0| El gobierno provincial confirm\u00f3 que este viernes comienza el cronograma de pagos me de abril 2026 correspondiente a los haberes de abril para los activos y pasivos de la administraci\u00f3n p\u00fablica provincial.<\/span><\/strong><\/em><\/p>\n<p><img decoding=\"async\" src=\"https:\/\/rielfm.com.ar\/public\/files\/images\/php6u3MHd_69f20d111fe916_03773671.jpeg\" \/><\/p>\n<p style=\"text-align: center;\"><em><strong><span style=\"color: #000000;\">La administraci\u00f3n de Rogelio Frigerio anunci\u00f3 el pago de abril de 2026 a los agentes activos y pasivos de la administraci\u00f3n p\u00fablica entrerriana. El cronograma se iniciar\u00e1 este viernes y concluir\u00e1 el pr\u00f3ximo 8 de mayo.<\/span><\/strong><\/em><\/p>\n<p style=\"text-align: center;\"><em><strong><span style=\"color: #000000;\">El detalle del cronograma es el siguiente:<\/span><\/strong><\/em><\/p>\n<ul>\n<li style=\"text-align: center;\"><em><strong><span style=\"color: #000000;\">Lunes 4 de mayo\u00a0(acreditaci\u00f3n el viernes 1 de mayo): hasta $1.160.000<\/span><\/strong><\/em><\/li>\n<li style=\"text-align: center;\"><em><strong><span style=\"color: #000000;\">Martes 5: hasta $1.340.000<\/span><\/strong><\/em><\/li>\n<li style=\"text-align: center;\"><em><strong><span style=\"color: #000000;\">Mi\u00e9rcoles 6: hasta $1.650.000<\/span><\/strong><\/em><\/li>\n<li style=\"text-align: center;\"><em><strong><span style=\"color: #000000;\">Jueves 7: hasta $2.200.000<\/span><\/strong><\/em><\/li>\n<li style=\"text-align: center;\"><em><strong><span style=\"color: #000000;\">Viernes 8: m\u00e1s de $2.200.001.<\/span><\/strong><\/em><\/li>\n<\/ul>\n<h1><\/h1>\n<div class=\"td-post-header\">\n<header class=\"td-post-title\">\n<h1><\/h1>\n<\/header>\n<\/div>\n<h1 style=\"text-align: center;\"><em><strong><span style=\"color: #000000;\">Mayo 2026 tendr\u00e1 dos fines de semana largos<\/span><\/strong><\/em><\/h1>\n<p style=\"text-align: center;\"><em><strong><span style=\"color: #000000;\">Sociedad\u00a0| Por los feriados inamovibles del 1 y el 25 se facilitar\u00e1 el descanso prolongado, permitiendo organizar escapadas y actividades recreativas en todo el pa\u00eds.<\/span><\/strong><\/em><\/p>\n<p><img decoding=\"async\" class=\"aligncenter\" src=\"https:\/\/rielfm.com.ar\/public\/files\/images\/phpt2FpyS_69ec1f6c8644c5_90114507.jpeg\" \/><\/p>\n<p style=\"text-align: center;\"><em><strong><span style=\"color: #000000;\">En mayo de 2026 son dos los feriados, ambos inamovibles, que adem\u00e1s generan fines de semana largos: el viernes 1 de mayo (D\u00eda del Trabajador) y el lunes 25 de mayo (D\u00eda de la Revoluci\u00f3n de Mayo).<\/span><\/strong><\/em><\/p>\n<p style=\"text-align: center;\"><em><strong><span style=\"color: #000000;\">En ambos casos garantizan descansos de tres d\u00edas, ofreciendo oportunidades para escapadas.<\/span><\/strong><\/em><\/p>\n<p style=\"text-align: center;\"><em><strong><span style=\"color: #000000;\">Estos feriados son disfrutados por todos trabajadores formales, del sector privado y sector p\u00fablico.<\/span><\/strong><\/em><\/p>\n<p style=\"text-align: center;\"><em><strong><span style=\"color: #000000;\">En su mayor\u00eda esto implica tener un descanso.\u00a0<\/span><\/strong><\/em><\/p>\n<p style=\"text-align: center;\"><em><strong><span style=\"color: #000000;\">Pero si es que su empresa los hace trabajar ese d\u00eda, por esa jornada deben hacerle un triple pago (uno por el d\u00eda trabajado, uno por trabajar en feriado y una sobretasa del 100% por esto \u00faltimo).<\/span><\/strong><\/em><\/p>\n<p style=\"text-align: center;\"><em><strong><span style=\"color: #000000;\">Como se sabe, estos feriados, \u00abcrean puentes\u00bb festivos o feriados largos, donde los trabajadores (los que descansan s\u00e1bado y domingo) pueden usarlos para un descanso mayor, salir de paseos o viajes cortos y aportar tambi\u00e9n as\u00ed a las econom\u00edas locales, en restaurantes, hoteles y otros servicios.<\/span><\/strong><\/em><\/p>\n<p style=\"text-align: center;\"><em><strong><span style=\"color: #000000;\">El primer \u201cfinde\u201d largo llegar\u00e1 del viernes 1 al domingo 3 de mayo, abarcando el D\u00eda del Trabajador.<\/span><\/strong><\/em><\/p>\n<p style=\"text-align: center;\"><em><strong><span style=\"color: #000000;\">La jornada del 1 de mayo tiene un profundo significado hist\u00f3rico y social que trasciende fronteras.<\/span><\/strong><\/em><\/p>\n<p style=\"text-align: center;\"><em><strong><span style=\"color: #000000;\">El D\u00eda del Trabajador conmemora la lucha por los derechos laborales y el reconocimiento de condiciones dignas para quienes integran la fuerza laboral.<\/span><\/strong><\/em><\/p>\n<p style=\"text-align: center;\"><em><strong><span style=\"color: #000000;\">Su origen se remonta a la ciudad de Chicago, en Estados Unidos, durante 1886, cuando obreros iniciaron una huelga para reclamar la jornada laboral de ocho horas, frente a condiciones extenuantes que impon\u00edan entre 12 y 16 horas de trabajo diario.<\/span><\/strong><\/em><\/p>\n<p style=\"text-align: center;\"><em><strong><span style=\"color: #000000;\">El evento culmin\u00f3 con la llamada \u201cRevuelta de Haymarket\u201d, donde una manifestaci\u00f3n pac\u00edfica termin\u00f3 en violencia tras la explosi\u00f3n de una bomba y la dura represi\u00f3n policial.<\/span><\/strong><\/em><\/p>\n<p style=\"text-align: center;\"><em><strong><span style=\"color: #000000;\">Varios sindicalistas fueron arrestados y algunos ejecutados, convirti\u00e9ndose en los conocidos \u201cM\u00e1rtires de Chicago\u201d.<\/span><\/strong><\/em><\/p>\n<p style=\"text-align: center;\"><em><strong><span style=\"color: #000000;\">La Segunda Internacional, en 1889, estableci\u00f3 el 1 de mayo como d\u00eda de homenaje global a estos m\u00e1rtires y s\u00edmbolo de la lucha obrera.<\/span><\/strong><\/em><\/p>\n<p style=\"text-align: center;\"><em><strong><span style=\"color: #000000;\">El 1 de mayo se recuerda en Argentina y en otros pa\u00edses como una oportunidad para reivindicar derechos laborales esenciales.<\/span><\/strong><\/em><\/p>\n<p style=\"text-align: center;\"><em><strong><span style=\"color: #000000;\">La fecha destaca la importancia de la reducci\u00f3n de la jornada, la mejora de las condiciones de trabajo y el salario justo, as\u00ed como la seguridad laboral y la organizaci\u00f3n sindical.<\/span><\/strong><\/em><\/p>\n<p style=\"text-align: center;\"><em><strong><span style=\"color: #000000;\">Mientras que el 25 de mayo es una fecha central para la historia argentina, conocida como el D\u00eda de la Patria.<\/span><\/strong><\/em><\/p>\n<p style=\"text-align: center;\"><em><strong><span style=\"color: #000000;\">Cada a\u00f1o se recuerda la jornada en la que, en 1810, se produjo un giro decisivo en el Virreinato del R\u00edo de la Plata: se destituy\u00f3 al virrey Baltasar Hidalgo de Cisneros y se conform\u00f3 la Primera Junta, un gobierno local integrado mayoritariamente por criollos.<\/span><\/strong><\/em><\/p>\n<p style=\"text-align: center;\"><em><strong><span style=\"color: #000000;\">El proceso fue impulsado por la presi\u00f3n popular y el contexto internacional marcado por la invasi\u00f3n napole\u00f3nica a Espa\u00f1a, que hab\u00eda dejado un vac\u00edo de poder.<\/span><\/strong><\/em><\/p>\n<p style=\"text-align: center;\"><em><strong><span style=\"color: #000000;\">La Revoluci\u00f3n de Mayo no fue un hecho aislado, sino el resultado de a\u00f1os de maduraci\u00f3n pol\u00edtica y social, con antecedentes como las Invasiones Inglesas y la difusi\u00f3n de ideas ilustradas por figuras como Mariano Moreno.<\/span><\/strong><\/em><\/p>\n<p style=\"text-align: center;\"><em><strong><span style=\"color: #000000;\">La jornada del 25 de mayo comenz\u00f3 con la concentraci\u00f3n de vecinos en la Plaza de la Victoria, exigieron definiciones pol\u00edticas y lograron la creaci\u00f3n de la Primera Junta, encabezada por Cornelio Saavedra y secundada por personalidades como Moreno, Juan Jos\u00e9 Castelli y Manuel Belgrano.<\/span><\/strong><\/em><\/p>\n<p style=\"text-align: center;\"><em><strong><span style=\"color: #000000;\">Este acto sent\u00f3 las bases para la independencia y la construcci\u00f3n de una identidad nacional.<\/span><\/strong><\/em><\/p>\n","protected":false},"excerpt":{"rendered":"<p>Este s\u00e1bado, Feria de Emprendedores y Artesanos y m\u00fasica en vivo Basavilbaso se prepara para una nueva edici\u00f3n de la Feria de Emprendedores y Artesanos, que se realizar\u00e1 este s\u00e1bado 2 de mayo desde las 15 horas en la Centralidad Urbana. La propuesta reunir\u00e1 a emprendedores locales, artesanos y productores regionales, ofreciendo una variada gama [&hellip;]<\/p>\n","protected":false},"author":1,"featured_media":0,"parent":0,"menu_order":0,"comment_status":"closed","ping_status":"open","template":"","meta":{"footnotes":""},"class_list":["post-2","page","type-page","status-publish","hentry"],"_links":{"self":[{"href":"https:\/\/fmexpress.net\/index.php\/wp-json\/wp\/v2\/pages\/2","targetHints":{"allow":["GET"]}}],"collection":[{"href":"https:\/\/fmexpress.net\/index.php\/wp-json\/wp\/v2\/pages"}],"about":[{"href":"https:\/\/fmexpress.net\/index.php\/wp-json\/wp\/v2\/types\/page"}],"author":[{"embeddable":true,"href":"https:\/\/fmexpress.net\/index.php\/wp-json\/wp\/v2\/users\/1"}],"replies":[{"embeddable":true,"href":"https:\/\/fmexpress.net\/index.php\/wp-json\/wp\/v2\/comments?post=2"}],"version-history":[{"count":2418,"href":"https:\/\/fmexpress.net\/index.php\/wp-json\/wp\/v2\/pages\/2\/revisions"}],"predecessor-version":[{"id":4005,"href":"https:\/\/fmexpress.net\/index.php\/wp-json\/wp\/v2\/pages\/2\/revisions\/4005"}],"wp:attachment":[{"href":"https:\/\/fmexpress.net\/index.php\/wp-json\/wp\/v2\/media?parent=2"}],"curies":[{"name":"wp","href":"https:\/\/api.w.org\/{rel}","templated":true}]}}